{"version":"1.0","provider_name":"Diaz blogja ( Black Russian Terrier)","provider_url":"https:\/\/diaz.cafeblog.hu","author_name":"Diaz","author_url":"https:\/\/diaz.cafeblog.hu\/author\/diaz\/","title":"Oklev\u00e9l nekem","html":"<p style=\"text-align: justify\">Febru\u00e1r els\u0151 napjaiban osztj\u00e1k ki az <strong>\u201e\u00c9v kuty\u00e1ja\u201d<\/strong> c\u00edmeket, aminek az el\u0151z\u0151 \u00e9v sikerei az alapja.<\/p>\r\n<p style=\"text-align: justify\"><strong>\u00c9n lettem az \u00e9v fiatal, \u00e9s n\u00f6vend\u00e9k kuty\u00e1ja is<\/strong>, amire nagyon b\u00fcszke vagyok, de ez nem siker\u00fclhetett volna a gazd\u00e1m n\u00e9lk\u00fcl.<\/p>\r\n<p style=\"text-align: justify\"><a href=\"https:\/\/diaz.cafeblog.hu\/files\/2014\/02\/\u00e9v-kuty\u00e1ja2013.jpg\"><img class=\"aligncenter size-large wp-image-75\" src=\"https:\/\/diaz.cafeblog.hu\/files\/2014\/02\/\u00e9v-kuty\u00e1ja2013-600x338.jpg\" alt=\"\u00e9v kuty\u00e1ja2013\" width=\"600\" height=\"338\" \/><\/a><\/p>\r\n<p style=\"text-align: justify\">2013. \u00e9v alig indult el \u00e9s m\u00e1r 2 ki\u00e1ll\u00edt\u00e1son is voltam febru\u00e1rban, amib\u0151l az egyik <strong>Nyitr\u00e1n<\/strong> volt, ahov\u00e1 kb. 160 km az \u00fat. Hazafel\u00e9 \u00e1ltal\u00e1ban m\u00e1r f\u00e1radt vagyok, de ett\u0151l m\u00e9g szeretek utazni, \u00edgy miattam mehet\u00fcnk b\u00e1rmilyen messzire.<\/p>\r\n<p style=\"text-align: justify\">A m\u00e1rciust kihagytuk, viszont \u00e1prilisban j\u00e1rtunk <strong>Miskolcon<\/strong>, ahol begy\u0171jt\u00f6ttem a <strong>CAC<\/strong> c\u00edmek mell\u00e9 az els\u0151 \u00e9s m\u00e1sodik <strong>Res. CACIB<\/strong> c\u00edmemet is.<\/p>\r\n<p style=\"text-align: justify\">M\u00e1jusban r\u00e9szt vettem a <strong>WDS<\/strong>-en ahol a megtisztel\u0151 <strong>kit\u0171n\u0151 IV<\/strong>. c\u00edmet adom\u00e1nyozta nekem a b\u00edr\u00f3.<\/p>\r\n<p style=\"text-align: justify\">J\u00faniusban neveztek el\u0151sz\u00f6r \u201eny\u00edlt oszt\u00e1lyba\u201d, amit siker\u00fclt megnyernem.<\/p>\r\n<p style=\"text-align: justify\">J\u00faliusban ism\u00e9t <strong>Nyitra<\/strong>, majd <strong>Oberwart<\/strong>, ahol a saj\u00e1t oszt\u00e1lyomat megnyertem.\r\nUgyanebben a h\u00f3napban <strong>Split<\/strong>, ahonnan <strong>CACIB<\/strong> \u00e9s <strong>BOB<\/strong> c\u00edmmel t\u00e9rt\u00fcnk haza.<\/p>\r\n<p style=\"text-align: justify\">Okt\u00f3berben ir\u00e1ny <strong>Coka<\/strong> \u00e9s <strong>Zenta<\/strong>, valamint <strong>Kom\u00e1rom<\/strong>. Nyertem <strong>Res. CACIB, CACIB, BOB, BOS<\/strong> (Legszebb Ellenkez\u0151 Nem\u0171 Kutya) \u00e9s <strong>Derby gy\u0151ztes<\/strong> c\u00edmeket.<\/p>\r\n<p style=\"text-align: justify\">H\u00e1t ezeket nyertem t\u00f6bbek k\u00f6z\u00f6tt. :)<\/p>\r\n<p style=\"text-align: justify\">Lassan indul majd az idei ki\u00e1ll\u00edt\u00e1si szezon is, de hogy hol kell majd sz\u00e9pen \u00e1llnom, meg futnom, \u00e9s megmutatni t\u00f6k\u00e9letes fogsorom, m\u00e9g nem tudom, mert nekem soha nem mondanak semmit.<\/p>\r\n<p style=\"text-align: justify\">Mindegy, ha ki\u00e1ll\u00edt\u00e1si k\u00f6rt l\u00e1tok, kih\u00fazom magam, \u00e9s b\u00fcszk\u00e9n fesz\u00edtek gazd\u00e1m, vagy handlerem mellett.<\/p>\r\n&nbsp;\r\n\r\n&nbsp;","type":"rich"}